{"id":6241,"date":"2023-07-30T20:54:35","date_gmt":"2023-07-30T20:54:35","guid":{"rendered":"https:\/\/domainedegraux.com\/vie-privee\/"},"modified":"2023-10-27T07:13:08","modified_gmt":"2023-10-27T07:13:08","slug":"vie-privee","status":"publish","type":"page","link":"https:\/\/domainedegraux.com\/nl\/vie-privee\/","title":{"rendered":"Vie priv\u00e9e"},"content":{"rendered":"\t\t<div data-elementor-type=\"wp-page\" data-elementor-id=\"6241\" class=\"elementor elementor-6241 elementor-2635\" data-elementor-post-type=\"page\">\n\t\t\t\t<div class=\"elementor-element elementor-element-be4cf0d e-flex e-con-boxed e-con e-parent\" data-id=\"be4cf0d\" data-element_type=\"container\" data-e-type=\"container\">\n\t\t\t\t\t<div class=\"e-con-inner\">\n\t\t<div class=\"elementor-element elementor-element-0c505eb e-con-full e-flex e-con e-parent\" data-id=\"0c505eb\" data-element_type=\"container\" data-e-type=\"container\">\n\t\t\t\t<div class=\"elementor-element elementor-element-431a75e elementor-widget elementor-widget-heading\" data-id=\"431a75e\" data-element_type=\"widget\" data-e-type=\"widget\" data-widget_type=\"heading.default\">\n\t\t\t\t<div class=\"elementor-widget-container\">\n\t\t\t\t\t<h1 class=\"elementor-heading-title elementor-size-default\">POLITIQUE DE VIE PRIV\u00c9E<\/h1>\t\t\t\t<\/div>\n\t\t\t\t<\/div>\n\t\t\t\t<div class=\"elementor-element elementor-element-bf78b1e elementor-widget elementor-widget-heading\" data-id=\"bf78b1e\" data-element_type=\"widget\" data-e-type=\"widget\" data-widget_type=\"heading.default\">\n\t\t\t\t<div class=\"elementor-widget-container\">\n\t\t\t\t\t<h2 class=\"elementor-heading-title elementor-size-default\">VIE PRIV\u00c9E<\/h2>\t\t\t\t<\/div>\n\t\t\t\t<\/div>\n\t\t\t\t<\/div>\n\t\t<div class=\"elementor-element elementor-element-b190149 e-con-full e-flex e-con e-parent\" data-id=\"b190149\" data-element_type=\"container\" data-e-type=\"container\">\n\t\t\t\t<\/div>\n\t\t\t\t\t<\/div>\n\t\t\t\t<\/div>\n\t\t<div class=\"elementor-element elementor-element-c1e39e9 e-flex e-con-boxed e-con e-parent\" data-id=\"c1e39e9\" data-element_type=\"container\" data-e-type=\"container\">\n\t\t\t\t\t<div class=\"e-con-inner\">\n\t\t\t\t<div class=\"elementor-element elementor-element-b70dcb8 elementor-widget elementor-widget-text-editor\" data-id=\"b70dcb8\" data-element_type=\"widget\" data-e-type=\"widget\" data-widget_type=\"text-editor.default\">\n\t\t\t\t<div class=\"elementor-widget-container\">\n\t\t\t\t\t\t\t\t\t<p><span style=\"text-decoration: underline;\"><strong><strong>Objet<\/strong><\/strong><\/span><\/p>\n<p>La pre\u0301sente Politique est e\u0301tablie par Domaine de Graux SA situe\u0301(e) Rue de Graux a\u0300 7532 Tournai, inscrite a\u0300 la Banque Carrefour des Entreprises sous le nume\u0301ro BE 0882 499 466 (ci-apre\u0300s de\u0301nomme\u0301(e) \u00ab le responsable du traitement \u00bb).<\/p>\n<p>L\u2019objet de la pre\u0301sente Politique est d\u2019informer les visiteurs du site web he\u0301berge\u0301 a\u0300 l\u2019adresse suivante : www.domainedegraux.com (ci-apre\u0300s de\u0301nomme\u0301 le \u00ab site web \u00bb) de la manie\u0300re dont les donne\u0301es sont re\u0301colte\u0301es et traite\u0301es par le responsable du traitement.<\/p>\n<p>La pre\u0301sente Politique s\u2019inscrit dans le souhait du responsable du traitement, d\u2019agir en toute transparence, dans le respect de ses dispositions nationales et du re\u0300glement (UE) 2016\/679 du Parlement europe\u0301en et du Conseil du 27 avril 2016 relatif a\u0300 la protection des personnes physiques a\u0300 l\u2019e\u0301gard du traitement des donne\u0301es a\u0300 caracte\u0300re personnel et a\u0300 la libre circulation de ces donne\u0301es, et abrogeant la directive 95\/46\/CE (ci-apre\u0300s de\u0301nomme\u0301 le \u00ab re\u0300glement ge\u0301ne\u0301ral sur la protection des donne\u0301es \u00bb).<\/p>\n<p>Le responsable du traitement porte une attention particulie\u0300re a\u0300 la protection de la vie prive\u0301e de ses utilisateurs et s\u2019engage par conse\u0301quent a\u0300 prendre les pre\u0301cautions raisonnables requises pour prote\u0301ger les donne\u0301es a\u0300 caracte\u0300re personnel re\u0301colte\u0301es contre la perte, le vol, la divulgation ou l\u2019utilisation non autorise\u0301e.<\/p>\n<p>Les \u00ab donne\u0301es a\u0300 caracte\u0300re personnel \u00bb sont de\u0301finies comme toutes les donne\u0301es a\u0300 caracte\u0300re personnel qui concernent l\u2019utilisateur, c\u2019est-a\u0300-dire toute information qui permet de l\u2019identifier directement ou indirectement en tant que personne physique.<\/p>\n<\/p>\n<div class=\"page\" title=\"Page 1\">\n<div class=\"layoutArea\">\n<div class=\"column\">\n<p><strong><span style=\"text-decoration: underline;\">Quelles donne\u0301es collectons-nous ?<\/span><\/strong><\/p>\n<p>Le responsable du traitement recueille et traite, selon les modalite\u0301s et principes de\u0301crits ci-apre\u0300s, les donne\u0301es a\u0300 caracte\u0300re personnel suivantes :<\/p>\n<p>\u2022son adresse de courrier e\u0301lectronique si l\u2019utilisateur l\u2019a pre\u0301ce\u0301demment re\u0301ve\u0301le\u0301e, par exemple en envoyant des messages ou questions sur le site web ou en communiquant avec le responsable du traitement par courrier e\u0301lectronique;<\/p>\n<p>Il est possible que le responsable du traitement soit e\u0301galement amene\u0301 a\u0300 re\u0301colter des donne\u0301es a\u0300 caracte\u0300re non personnel. Ces donne\u0301es sont qualifie\u0301es de donne\u0301es a\u0300 caracte\u0300re non personnel car elles ne permettent pas d\u2019identifier directement ou indirectement une personne en particulier. Elles pourront de\u0300s lors e\u0302tre utilise\u0301es a\u0300 quelques fins que ce soit, par exemple pour ame\u0301liorer le site web, les produits et services propose\u0301s ou les publicite\u0301s du responsable du traitement.<\/p>\n<p>Dans l\u2019hypothe\u0300se ou\u0300 des donne\u0301es a\u0300 caracte\u0300re non personnel seraient combine\u0301es a\u0300 des donne\u0301es a\u0300 caracte\u0300re personnel, de sorte qu\u2019une identification des personnes concerne\u0301es serait possible, ces donne\u0301es seront traite\u0301es comme des donne\u0301es a\u0300 caracte\u0300re personnel jusqu\u2019a\u0300 ce que leur rapprochement avec une personne particulie\u0300re soit rendu impossible.<\/p>\n<\/p>\n<div class=\"page\" title=\"Page 2\">\n<div class=\"layoutArea\">\n<div class=\"column\">\n<div class=\"page\" title=\"Page 2\">\n<div class=\"layoutArea\">\n<div class=\"column\">\n<p><span style=\"text-decoration: underline;\"><strong>Finalite\u0301s du traitement<\/strong><\/span><\/p>\n<p>Les donne\u0301es a\u0300 caracte\u0300re personnel ne sont recueillies et traite\u0301es qu\u2019aux seules fins mentionne\u0301es ci- dessous :<\/p>\n<p>\u2022assurer la gestion et le contro\u0302le de l\u2019exe\u0301cution des services propose\u0301s ;<br \/>\u2022re\u0301pondre aux questions de l\u2019utilisateur ;<br \/>\u2022re\u0301aliser des statistiques ;<br \/>\u2022ame\u0301liorer la qualite\u0301 du site web et des produits et\/ou services propose\u0301s par le responsable du traitement.<\/p>\n<p>Le responsable du traitement pourrait e\u0302tre amene\u0301 a\u0300 effectuer des traitements qui ne sont pas encore pre\u0301vus dans la pre\u0301sente Politique. Dans ce cas, il contactera l\u2019utilisateur avant de re\u0301utiliser ses donne\u0301es a\u0300 caracte\u0300re personnel, afin de lui faire connai\u0302tre les changements et lui donner la possibilite\u0301, le cas e\u0301che\u0301ant, de refuser cette re\u0301utilisation.<\/p>\n<\/p>\n<div class=\"page\" title=\"Page 2\">\n<div class=\"layoutArea\">\n<div class=\"column\">\n<p><span style=\"text-decoration: underline;\"><strong>Droit sur vos donne\u0301es personnelles<\/strong><\/span><\/p>\n<p>L\u2019utilisateur peut a\u0300 tout moment exercer gratuitement ses droits le\u0301gaux d\u2019acce\u0300s et de correction. Il est e\u0301galement possible de demander la correction, voire l\u2019effacement, des donne\u0301es qui seraient inexactes, incomple\u0300tes ou non pertinentes, ou encore la limitation du traitement. De me\u0302me, il est possible de s\u2019opposer au traitement de ses donne\u0301es a\u0300 caracte\u0300re personnel a\u0300 des fins de marketing direct.<\/p>\n<p>Vous pouvez nous demander de corriger et\/ou de mettre a\u0300 jour vos donne\u0301es personnelles.<\/p>\n<\/p>\n<\/div>\n<div class=\"page\" title=\"Page 2\">\n<div class=\"layoutArea\">\n<div class=\"column\">\n<p><span style=\"text-decoration: underline;\"><strong>Destinataires des donne\u0301es et divulgation a\u0300 des tiers<\/strong><\/span><\/p>\n<p>Les destinataires des donne\u0301es re\u0301colte\u0301es et traite\u0301es sont, outre le responsable du traitement lui- me\u0302me, ses pre\u0301pose\u0301s ou autre sous-traitants, situe\u0301s dans l\u2019Union europe\u0301enne, et qui collaborent avec le responsable du traitement dans le cadre de la fourniture de services.<\/p>\n<p>Le responsable du traitement respecte les dispositions le\u0301gales et re\u0300glementaires en vigueur et veillera dans tous les cas a\u0300 ce que ses partenaires, pre\u0301pose\u0301s, sous-traitants ou autres tiers ayant acce\u0300s a\u0300 ces donne\u0301es a\u0300 caracte\u0300re personnelles respectent la pre\u0301sente Politique.<\/p>\n<p>Le responsable de traitement divulgue les donne\u0301es a\u0300 caracte\u0300re personnel de l\u2019utilisateur dans l\u2019hypothe\u0300se ou\u0300 une loi, une proce\u0301dure judiciaire ou un ordre d\u2019une autorite\u0301 publique rendrait cette divulgation ne\u0301cessaire.<\/p>\n<p>Aucun transfert de donne\u0301es a\u0300 caracte\u0300re personnel hors de l\u2019Union europe\u0301enne n\u2019est effectue\u0301 par le responsable du traitement.<\/p>\n<\/p>\n<\/div>\n<div class=\"page\" title=\"Page 3\">\n<div class=\"layoutArea\">\n<div class=\"column\">\n<p><span style=\"text-decoration: underline;\"><strong>Exercer ses droits:<\/strong><\/span><\/p>\n<\/div>\n<\/div>\n<div class=\"layoutArea\">\n<div class=\"column\">\n<p>Pour toute demande, il vous suffit de nous adresser un email ou un courrier postal (voir les coordonne\u0301es ci-dessus).<br \/>Il est important d\u2019indiquer le droit que vous souhaitez exercer, les raisons qui motivent votre demande, et de joindre une copie recto\/verso de votre carte d\u2019identite\u0301. La demande devra pre\u0301ciser l&#8217;adresse a\u0300 laquelle devra parvenir la re\u0301ponse.<\/p>\n<p>Nous disposons d&#8217;un de\u0301lai d\u2019un mois pour re\u0301pondre a\u0300 votre demande, augmente\u0301 de 2 mois supple\u0301mentaires en cas de demande ne\u0301cessitant des recherches approfondies ou dans le cas ou\u0300 nous recevrions un nombre de demandes trop importantes.<br \/>Toutefois, il se peut que ne nous puissions pas faire droit a\u0300 votre demande. Bien su\u0302r, dans ce cas nous nous assurerons de vous apporter une re\u0301ponse la plus claire possible.<\/p>\n<\/p>\n<\/div>\n<div class=\"page\" title=\"Page 3\">\n<div class=\"layoutArea\">\n<div class=\"column\">\n<p><span style=\"text-decoration: underline;\"><strong>Re\u0301clamation et plainte<\/strong><\/span><\/p>\n<p>Si l\u2019utilisateur souhaite re\u0301agir a\u0300 l&#8217;une des pratiques de\u0301crites dans la pre\u0301sente Politique, il est conseille\u0301 de contacter directement le responsable de traitement.<\/p>\n<p>L\u2019utilisateur peut e\u0301galement introduire une re\u0301clamation aupre\u0300s de son autorite\u0301 nationale de contro\u0302le, dont les coordonne\u0301es sont reprise sur le site officiel de la Commission europe\u0301enne : http:\/\/ec.europa.eu\/newsroom\/article29\/item-detail.cfm?item_id=612080.<\/p>\n<p>En outre, l\u2019utilisateur a la possibilite\u0301 de porter plainte devant les juridictions nationales compe\u0301tentes.<\/p>\n<\/p>\n<\/div>\n<div class=\"page\" title=\"Page 3\">\n<div class=\"layoutArea\">\n<div class=\"column\">\n<p><span style=\"text-decoration: underline;\"><strong>Donne\u0301es de contact<\/strong><\/span><\/p>\n<p>Pour toute question et\/ou re\u0301clamation, re\u0301latives a\u0300 la pre\u0301sente Politique, l\u2019utilisateur peut contacter le responsable du traitement :<\/p>\n<p>Par email : info@domainedegraux.com<\/p>\n<p>Par courrier : Rue de Graux, 7532 Tournai<\/p>\n<\/p>\n<p><span style=\"text-decoration: underline;\"><strong>Modification<\/strong><\/span><\/p>\n<p>Le responsable du traitement se re\u0301serve le droit de modifier a\u0300 tout moment les dispositions de la pre\u0301sente Politique. Les modifications seront publie\u0301es directement sur le site web du responsable de traitement.<\/p>\n<\/p>\n<p><span style=\"text-decoration: underline;\"><strong>Droit applicable et juridiction compe\u0301tente<\/strong><\/span><\/p>\n<p>La pre\u0301sente Politique est re\u0301gie par le droit national du lieu d&#8217;e\u0301tablissement principal du responsable du traitement.<\/p>\n<p>Tout litige relatif a\u0300 l\u2019interpre\u0301tation ou l\u2019exe\u0301cution de la pre\u0301sente Politique sera soumis aux juridictions de ce droit national.<\/p>\n<\/div>\n<div class=\"page\" title=\"Page 4\">\n<div class=\"layoutArea\">\n<div class=\"column\">\n<p>La pre\u0301sente version de la Politique date du 01\/08\/2023.<\/p>\n<\/div>\n<\/div>\n<\/div>\n<\/div>\n<\/div>\n<\/div>\n<\/div>\n<\/div>\n<\/div>\n<\/div>\n<\/div>\n<\/div>\n<\/div>\n<\/div>\n<\/div>\n<\/div>\n<\/div>\n<\/div>\n<\/div>\n<\/div>\n<\/div>\n<\/div>\n\t\t\t\t\t\t\t\t<\/div>\n\t\t\t\t<\/div>\n\t\t\t\t\t<\/div>\n\t\t\t\t<\/div>\n\t\t\t\t<\/div>\n\t\t","protected":false},"excerpt":{"rendered":"<p>POLITIQUE DE VIE PRIV\u00c9E VIE PRIV\u00c9E Objet La pre\u0301sente Politique est e\u0301tablie par Domaine de Graux SA situe\u0301(e) Rue de Graux a\u0300 7532 Tournai, inscrite a\u0300 la Banque Carrefour des Entreprises sous le nume\u0301ro BE 0882 499 466 (ci-apre\u0300s de\u0301nomme\u0301(e) \u00ab le responsable du traitement \u00bb). L\u2019objet de la pre\u0301sente Politique est d\u2019informer les visiteurs [&hellip;]<\/p>\n","protected":false},"author":1,"featured_media":0,"parent":0,"menu_order":0,"comment_status":"closed","ping_status":"closed","template":"elementor_header_footer","meta":{"om_disable_all_campaigns":false,"_monsterinsights_skip_tracking":false,"_monsterinsights_sitenote_active":false,"_monsterinsights_sitenote_note":"","_monsterinsights_sitenote_category":0,"_uf_show_specific_survey":0,"_uf_disable_surveys":false,"footnotes":""},"class_list":["post-6241","page","type-page","status-publish","hentry"],"yoast_head":"<!-- This site is optimized with the Yoast SEO plugin v27.5 - https:\/\/yoast.com\/product\/yoast-seo-wordpress\/ -->\n<title>Vie priv\u00e9e - Domaine de Graux<\/title>\n<meta name=\"robots\" content=\"index, follow, max-snippet:-1, max-image-preview:large, max-video-preview:-1\" \/>\n<link rel=\"canonical\" href=\"https:\/\/domainedegraux.com\/nl\/vie-privee\/\" \/>\n<meta property=\"og:locale\" content=\"nl_NL\" \/>\n<meta property=\"og:type\" content=\"article\" \/>\n<meta property=\"og:title\" content=\"Vie priv\u00e9e - Domaine de Graux\" \/>\n<meta property=\"og:description\" content=\"POLITIQUE DE VIE PRIV\u00c9E VIE PRIV\u00c9E Objet La pre\u0301sente Politique est e\u0301tablie par Domaine de Graux SA situe\u0301(e) Rue de Graux a\u0300 7532 Tournai, inscrite a\u0300 la Banque Carrefour des Entreprises sous le nume\u0301ro BE 0882 499 466 (ci-apre\u0300s de\u0301nomme\u0301(e) \u00ab le responsable du traitement \u00bb). L\u2019objet de la pre\u0301sente Politique est d\u2019informer les visiteurs [&hellip;]\" \/>\n<meta property=\"og:url\" content=\"https:\/\/domainedegraux.com\/nl\/vie-privee\/\" \/>\n<meta property=\"og:site_name\" content=\"Domaine de Graux\" \/>\n<meta property=\"article:publisher\" content=\"https:\/\/www.facebook.com\/domainedegraux\" \/>\n<meta property=\"article:modified_time\" content=\"2023-10-27T07:13:08+00:00\" \/>\n<meta name=\"twitter:card\" content=\"summary_large_image\" \/>\n<meta name=\"twitter:label1\" content=\"Geschatte leestijd\" \/>\n\t<meta name=\"twitter:data1\" content=\"6 minuten\" \/>\n<script type=\"application\/ld+json\" class=\"yoast-schema-graph\">{\"@context\":\"https:\\\/\\\/schema.org\",\"@graph\":[{\"@type\":\"WebPage\",\"@id\":\"https:\\\/\\\/domainedegraux.com\\\/nl\\\/vie-privee\\\/\",\"url\":\"https:\\\/\\\/domainedegraux.com\\\/nl\\\/vie-privee\\\/\",\"name\":\"Vie priv\u00e9e - Domaine de Graux\",\"isPartOf\":{\"@id\":\"https:\\\/\\\/domainedegraux.com\\\/nl\\\/#website\"},\"datePublished\":\"2023-07-30T20:54:35+00:00\",\"dateModified\":\"2023-10-27T07:13:08+00:00\",\"breadcrumb\":{\"@id\":\"https:\\\/\\\/domainedegraux.com\\\/nl\\\/vie-privee\\\/#breadcrumb\"},\"inLanguage\":\"nl-NL\",\"potentialAction\":[{\"@type\":\"ReadAction\",\"target\":[\"https:\\\/\\\/domainedegraux.com\\\/nl\\\/vie-privee\\\/\"]}]},{\"@type\":\"BreadcrumbList\",\"@id\":\"https:\\\/\\\/domainedegraux.com\\\/nl\\\/vie-privee\\\/#breadcrumb\",\"itemListElement\":[{\"@type\":\"ListItem\",\"position\":1,\"name\":\"Accueil\",\"item\":\"https:\\\/\\\/domainedegraux.com\\\/nl\\\/home\\\/\"},{\"@type\":\"ListItem\",\"position\":2,\"name\":\"Vie priv\u00e9e\"}]},{\"@type\":\"WebSite\",\"@id\":\"https:\\\/\\\/domainedegraux.com\\\/nl\\\/#website\",\"url\":\"https:\\\/\\\/domainedegraux.com\\\/nl\\\/\",\"name\":\"Domaine de Graux\",\"description\":\"Se reconnecter \u00e0 la nature\",\"potentialAction\":[{\"@type\":\"SearchAction\",\"target\":{\"@type\":\"EntryPoint\",\"urlTemplate\":\"https:\\\/\\\/domainedegraux.com\\\/nl\\\/?s={search_term_string}\"},\"query-input\":{\"@type\":\"PropertyValueSpecification\",\"valueRequired\":true,\"valueName\":\"search_term_string\"}}],\"inLanguage\":\"nl-NL\"}]}<\/script>\n<!-- \/ Yoast SEO plugin. -->","yoast_head_json":{"title":"Vie priv\u00e9e - Domaine de Graux","robots":{"index":"index","follow":"follow","max-snippet":"max-snippet:-1","max-image-preview":"max-image-preview:large","max-video-preview":"max-video-preview:-1"},"canonical":"https:\/\/domainedegraux.com\/nl\/vie-privee\/","og_locale":"nl_NL","og_type":"article","og_title":"Vie priv\u00e9e - Domaine de Graux","og_description":"POLITIQUE DE VIE PRIV\u00c9E VIE PRIV\u00c9E Objet La pre\u0301sente Politique est e\u0301tablie par Domaine de Graux SA situe\u0301(e) Rue de Graux a\u0300 7532 Tournai, inscrite a\u0300 la Banque Carrefour des Entreprises sous le nume\u0301ro BE 0882 499 466 (ci-apre\u0300s de\u0301nomme\u0301(e) \u00ab le responsable du traitement \u00bb). L\u2019objet de la pre\u0301sente Politique est d\u2019informer les visiteurs [&hellip;]","og_url":"https:\/\/domainedegraux.com\/nl\/vie-privee\/","og_site_name":"Domaine de Graux","article_publisher":"https:\/\/www.facebook.com\/domainedegraux","article_modified_time":"2023-10-27T07:13:08+00:00","twitter_card":"summary_large_image","twitter_misc":{"Geschatte leestijd":"6 minuten"},"schema":{"@context":"https:\/\/schema.org","@graph":[{"@type":"WebPage","@id":"https:\/\/domainedegraux.com\/nl\/vie-privee\/","url":"https:\/\/domainedegraux.com\/nl\/vie-privee\/","name":"Vie priv\u00e9e - Domaine de Graux","isPartOf":{"@id":"https:\/\/domainedegraux.com\/nl\/#website"},"datePublished":"2023-07-30T20:54:35+00:00","dateModified":"2023-10-27T07:13:08+00:00","breadcrumb":{"@id":"https:\/\/domainedegraux.com\/nl\/vie-privee\/#breadcrumb"},"inLanguage":"nl-NL","potentialAction":[{"@type":"ReadAction","target":["https:\/\/domainedegraux.com\/nl\/vie-privee\/"]}]},{"@type":"BreadcrumbList","@id":"https:\/\/domainedegraux.com\/nl\/vie-privee\/#breadcrumb","itemListElement":[{"@type":"ListItem","position":1,"name":"Accueil","item":"https:\/\/domainedegraux.com\/nl\/home\/"},{"@type":"ListItem","position":2,"name":"Vie priv\u00e9e"}]},{"@type":"WebSite","@id":"https:\/\/domainedegraux.com\/nl\/#website","url":"https:\/\/domainedegraux.com\/nl\/","name":"Domaine de Graux","description":"Se reconnecter \u00e0 la nature","potentialAction":[{"@type":"SearchAction","target":{"@type":"EntryPoint","urlTemplate":"https:\/\/domainedegraux.com\/nl\/?s={search_term_string}"},"query-input":{"@type":"PropertyValueSpecification","valueRequired":true,"valueName":"search_term_string"}}],"inLanguage":"nl-NL"}]}},"_links":{"self":[{"href":"https:\/\/domainedegraux.com\/nl\/wp-json\/wp\/v2\/pages\/6241","targetHints":{"allow":["GET"]}}],"collection":[{"href":"https:\/\/domainedegraux.com\/nl\/wp-json\/wp\/v2\/pages"}],"about":[{"href":"https:\/\/domainedegraux.com\/nl\/wp-json\/wp\/v2\/types\/page"}],"author":[{"embeddable":true,"href":"https:\/\/domainedegraux.com\/nl\/wp-json\/wp\/v2\/users\/1"}],"replies":[{"embeddable":true,"href":"https:\/\/domainedegraux.com\/nl\/wp-json\/wp\/v2\/comments?post=6241"}],"version-history":[{"count":1,"href":"https:\/\/domainedegraux.com\/nl\/wp-json\/wp\/v2\/pages\/6241\/revisions"}],"predecessor-version":[{"id":6242,"href":"https:\/\/domainedegraux.com\/nl\/wp-json\/wp\/v2\/pages\/6241\/revisions\/6242"}],"wp:attachment":[{"href":"https:\/\/domainedegraux.com\/nl\/wp-json\/wp\/v2\/media?parent=6241"}],"curies":[{"name":"wp","href":"https:\/\/api.w.org\/{rel}","templated":true}]}}